{"id":613,"date":"2025-04-03T14:33:22","date_gmt":"2025-04-03T14:33:22","guid":{"rendered":"https:\/\/bewusst-erschaffen.com\/?page_id=613"},"modified":"2025-06-17T12:44:00","modified_gmt":"2025-06-17T12:44:00","slug":"ueber-mich","status":"publish","type":"page","link":"https:\/\/bewusst-erschaffen.com\/start\/ueber-mich\/","title":{"rendered":"\u00dcber mich"},"content":{"rendered":"\t\t<div data-elementor-type=\"wp-post\" data-elementor-id=\"613\" class=\"elementor elementor-613\" data-elementor-post-type=\"page\">\n\t\t\t\t<div class=\"elementor-element elementor-element-50085ab e-con-full e-flex e-con e-parent\" data-id=\"50085ab\" data-element_type=\"container\" data-e-type=\"container\" data-settings=\"{&quot;background_background&quot;:&quot;classic&quot;}\">\n\t\t\t\t<\/div>\n\t\t<div class=\"elementor-element elementor-element-f33e48c e-grid e-con-boxed e-con e-parent\" data-id=\"f33e48c\" data-element_type=\"container\" data-e-type=\"container\" data-settings=\"{&quot;background_background&quot;:&quot;classic&quot;}\">\n\t\t\t\t\t<div class=\"e-con-inner\">\n\t\t<div class=\"elementor-element elementor-element-d2391ab e-con-full e-flex e-con e-child\" data-id=\"d2391ab\" data-element_type=\"container\" data-e-type=\"container\">\n\t\t\t\t<div class=\"elementor-element elementor-element-7324b0a elementor-widget elementor-widget-heading\" data-id=\"7324b0a\" data-element_type=\"widget\" data-e-type=\"widget\" data-widget_type=\"heading.default\">\n\t\t\t\t<div class=\"elementor-widget-container\">\n\t\t\t\t\t<h2 class=\"elementor-heading-title elementor-size-default\">\u00dcber mich<\/h2>\t\t\t\t<\/div>\n\t\t\t\t<\/div>\n\t\t\t\t<div class=\"elementor-element elementor-element-3e4165e elementor-widget elementor-widget-text-editor\" data-id=\"3e4165e\" data-element_type=\"widget\" data-e-type=\"widget\" data-widget_type=\"text-editor.default\">\n\t\t\t\t<div class=\"elementor-widget-container\">\n\t\t\t\t\t\t\t\t\t<p>Mit tiefem Einf\u00fchlungsverm\u00f6gen und einem systemischen, ganzheitlichen Verst\u00e4ndnis des Menschen strebe ich stets danach, mich in die Situation meines Gegen\u00fcbers hineinzuversetzen und die zugrunde liegenden Ursachen von Herausforderungen zu erkennen. Mein integrativer Ansatz erm\u00f6glicht es, sowohl die pers\u00f6nlichen als auch die \u00fcbergeordneten Zusammenh\u00e4nge zu verstehen und gezielt darauf einzugehen \u2013 immer im Einklang mit den Bed\u00fcrfnissen und Zielen jedes Einzelnen.<\/p><p>Meine internationale Erfahrung, meine Sprachkenntnisse und meine offene Haltung helfen mir, Menschen aus unterschiedlichen kulturellen Kontexten auf Augenh\u00f6he zu begegnen und ihnen eine ma\u00dfgeschneiderte Begleitung anzubieten.<\/p><p>Ich pflege wertsch\u00e4tzende Kommunikation sowie einen vertrauens- und respektvollen Umgang mit meinen Klientinnen und Klienten. Ich arbeite l\u00f6sungsorientiert, sodass sie im Prozess der Selbstreflexion schneller und effektiver ihr gew\u00fcnschtes Ziel erreichen.<\/p><p>Eine meiner gr\u00f6\u00dften Leidenschaften ist es, Menschen darin zu unterst\u00fctzen, alte Rollen und Muster hinter sich zu lassen und sich in ihrem authentischen Sein neu zu entdecken \u2013 mit Freude, Humor und Leichtigkeit.<\/p><p>Privat bin ich Mama von zwei wundervollen Teenagern \u2013 meinen gr\u00f6\u00dften Lehrern \u2013, von denen ich unendlich viel lernen darf und die mein Leben auf die sch\u00f6nste Weise bereichern.<\/p>\t\t\t\t\t\t\t\t<\/div>\n\t\t\t\t<\/div>\n\t\t\t\t<\/div>\n\t\t\t\t\t<\/div>\n\t\t\t\t<\/div>\n\t\t<div class=\"elementor-element elementor-element-19eaa49 e-grid e-con-boxed e-con e-parent\" data-id=\"19eaa49\" data-element_type=\"container\" data-e-type=\"container\" data-settings=\"{&quot;background_background&quot;:&quot;classic&quot;}\">\n\t\t\t\t\t<div class=\"e-con-inner\">\n\t\t<div class=\"elementor-element elementor-element-231d771 e-con-full e-flex e-con e-child\" data-id=\"231d771\" data-element_type=\"container\" data-e-type=\"container\">\n\t\t\t\t<div class=\"elementor-element elementor-element-506874e elementor-widget elementor-widget-heading\" data-id=\"506874e\" data-element_type=\"widget\" data-e-type=\"widget\" data-widget_type=\"heading.default\">\n\t\t\t\t<div class=\"elementor-widget-container\">\n\t\t\t\t\t<h2 class=\"elementor-heading-title elementor-size-default\">Qualifikationen und fachliche Anbindung<\/h2>\t\t\t\t<\/div>\n\t\t\t\t<\/div>\n\t\t\t\t<div class=\"elementor-element elementor-element-715b32a elementor-widget elementor-widget-heading\" data-id=\"715b32a\" data-element_type=\"widget\" data-e-type=\"widget\" data-widget_type=\"heading.default\">\n\t\t\t\t<div class=\"elementor-widget-container\">\n\t\t\t\t\t<h2 class=\"elementor-heading-title elementor-size-default\">Hochschulabschluss<\/h2>\t\t\t\t<\/div>\n\t\t\t\t<\/div>\n\t\t\t\t<div class=\"elementor-element elementor-element-9e24efd elementor-widget elementor-widget-text-editor\" data-id=\"9e24efd\" data-element_type=\"widget\" data-e-type=\"widget\" data-widget_type=\"text-editor.default\">\n\t\t\t\t<div class=\"elementor-widget-container\">\n\t\t\t\t\t\t\t\t\t<p class=\"Textbody\">An der Bergischen Universit\u00e4t Wuppertal habe ich Geisteswissenschaften mit den Schwerpunkten GERMANISTIK und ROMANISTIK studiert und erfolgreich abgeschlossen.<\/p>\t\t\t\t\t\t\t\t<\/div>\n\t\t\t\t<\/div>\n\t\t\t\t<div class=\"elementor-element elementor-element-5aefa37 elementor-widget-divider--view-line elementor-widget elementor-widget-divider\" data-id=\"5aefa37\" data-element_type=\"widget\" data-e-type=\"widget\" data-widget_type=\"divider.default\">\n\t\t\t\t<div class=\"elementor-widget-container\">\n\t\t\t\t\t\t\t<div class=\"elementor-divider\">\n\t\t\t<span class=\"elementor-divider-separator\">\n\t\t\t\t\t\t<\/span>\n\t\t<\/div>\n\t\t\t\t\t\t<\/div>\n\t\t\t\t<\/div>\n\t\t\t\t<div class=\"elementor-element elementor-element-4ffd540 elementor-widget elementor-widget-heading\" data-id=\"4ffd540\" data-element_type=\"widget\" data-e-type=\"widget\" data-widget_type=\"heading.default\">\n\t\t\t\t<div class=\"elementor-widget-container\">\n\t\t\t\t\t<h2 class=\"elementor-heading-title elementor-size-default\">Coaching<\/h2>\t\t\t\t<\/div>\n\t\t\t\t<\/div>\n\t\t\t\t<div class=\"elementor-element elementor-element-bfc7f93 elementor-widget elementor-widget-text-editor\" data-id=\"bfc7f93\" data-element_type=\"widget\" data-e-type=\"widget\" data-widget_type=\"text-editor.default\">\n\t\t\t\t<div class=\"elementor-widget-container\">\n\t\t\t\t\t\t\t\t\t<p>Meine einj\u00e4hrige LIFE TRUST COACHING-Ausbildung war von Anfang an praxisorientiert, sodass ich bereits nach Abschluss in der Lage war, meine Klientinnen und Klienten mit Leichtigkeit und Klarheit auf dem Weg zu ihren gew\u00fcnschten Zielen zu begleiten.<br \/>Einige der Themen, die ich im Rahmen meiner Coaching-Ausbildung vertieft habe, sind:<\/p><ul><li>Kommunikations-Skills<\/li><li>Hypnotische Sprachmuster<\/li><li>Intelligente Fragestellungen<\/li><li>K\u00f6rperbewusstsein und Gestik<\/li><li>Core Diving<\/li><li>Schulung der emotionalen Intelligenz<\/li><li>Erfahrung des stillen, inneren Raumes<\/li><li>Integrales Coaching<\/li><li>Analyse und Beratung von Menschen und Teams aus integraler Perspektive<\/li><li>Schattenintegration und Umgang mit Projektionen<\/li><li>Silent Coaching<\/li><li>F\u00e4higkeit, aus einem nondualen, stillen Bewusstsein heraus zu agieren<\/li><li>\u00d6ffnung des Raumes f\u00fcr kreative Pr\u00e4senz<\/li><li>Schulung der meditativen und intuitiven Intelligenz<\/li><\/ul>\t\t\t\t\t\t\t\t<\/div>\n\t\t\t\t<\/div>\n\t\t\t\t<div class=\"elementor-element elementor-element-d0e70af elementor-widget elementor-widget-text-editor\" data-id=\"d0e70af\" data-element_type=\"widget\" data-e-type=\"widget\" data-widget_type=\"text-editor.default\">\n\t\t\t\t<div class=\"elementor-widget-container\">\n\t\t\t\t\t\t\t\t\t<p>Diese vielseitige Ausbildung hat es mir erm\u00f6glicht, ein breites Spektrum an Methoden und Techniken zu erlernen, die ich individuell und ganzheitlich in meiner Arbeit anwende.<\/p><p>Als Coach bin ich nach den Richtlinien der EASC (European Association for Supervision and Coaching) zertifiziert.<\/p>\t\t\t\t\t\t\t\t<\/div>\n\t\t\t\t<\/div>\n\t\t\t\t<div class=\"elementor-element elementor-element-41ba996 elementor-widget-divider--view-line elementor-widget elementor-widget-divider\" data-id=\"41ba996\" data-element_type=\"widget\" data-e-type=\"widget\" data-widget_type=\"divider.default\">\n\t\t\t\t<div class=\"elementor-widget-container\">\n\t\t\t\t\t\t\t<div class=\"elementor-divider\">\n\t\t\t<span class=\"elementor-divider-separator\">\n\t\t\t\t\t\t<\/span>\n\t\t<\/div>\n\t\t\t\t\t\t<\/div>\n\t\t\t\t<\/div>\n\t\t\t\t<div class=\"elementor-element elementor-element-c8b2fec elementor-widget elementor-widget-heading\" data-id=\"c8b2fec\" data-element_type=\"widget\" data-e-type=\"widget\" data-widget_type=\"heading.default\">\n\t\t\t\t<div class=\"elementor-widget-container\">\n\t\t\t\t\t<h2 class=\"elementor-heading-title elementor-size-default\">Hypnose<\/h2>\t\t\t\t<\/div>\n\t\t\t\t<\/div>\n\t\t\t\t<div class=\"elementor-element elementor-element-bab607a elementor-widget elementor-widget-text-editor\" data-id=\"bab607a\" data-element_type=\"widget\" data-e-type=\"widget\" data-widget_type=\"text-editor.default\">\n\t\t\t\t<div class=\"elementor-widget-container\">\n\t\t\t\t\t\t\t\t\t<p class=\"Textbody\">Meine erste Hypnose-Ausbildung habe ich bei Dr. Preetz (DEUTSCHES INSTITUT F\u00dcR KLINISCHE HYPNOSE) in Magdeburg absolviert. In diesem Lehrgang habe ich detailliert die Aufl\u00f6sung hartn\u00e4ckiger Blockaden sowie Regressions- und Progressionsarbeit erlernt.<\/p>\t\t\t\t\t\t\t\t<\/div>\n\t\t\t\t<\/div>\n\t\t\t\t<div class=\"elementor-element elementor-element-87a2d4e elementor-widget elementor-widget-text-editor\" data-id=\"87a2d4e\" data-element_type=\"widget\" data-e-type=\"widget\" data-widget_type=\"text-editor.default\">\n\t\t\t\t<div class=\"elementor-widget-container\">\n\t\t\t\t\t\t\t\t\t<p><strong>Zusatzqualifikationen und Weiterbildungen im Bereich Hypnose<\/strong><\/p><ul><li>Hypnose nach Milton Erickson (indirekte Hypnose)<\/li><li>Selbsthypnose<\/li><li>Nonverbale Hypnose<\/li><li>Wachhypnose<\/li><li>Suggestive Hypnose<\/li><li>Selbstorganisatorische Hypnose<\/li><li>R\u00fcckf\u00fchrungen<\/li><li>Neuro-Linguistisches Programmieren (NLP)<\/li><li>Jeffrey Stephens Protocol (JSP)<\/li><\/ul>\t\t\t\t\t\t\t\t<\/div>\n\t\t\t\t<\/div>\n\t\t\t\t<div class=\"elementor-element elementor-element-fdd477e elementor-widget elementor-widget-text-editor\" data-id=\"fdd477e\" data-element_type=\"widget\" data-e-type=\"widget\" data-widget_type=\"text-editor.default\">\n\t\t\t\t<div class=\"elementor-widget-container\">\n\t\t\t\t\t\t\t\t\t<p>Als Hypnose-Coach bin ich nach den Richtlinien der NGH (National Guild of Hypnotists) zertifiziert.<\/p>\t\t\t\t\t\t\t\t<\/div>\n\t\t\t\t<\/div>\n\t\t\t\t<div class=\"elementor-element elementor-element-2059d85 elementor-widget-divider--view-line elementor-widget elementor-widget-divider\" data-id=\"2059d85\" data-element_type=\"widget\" data-e-type=\"widget\" data-widget_type=\"divider.default\">\n\t\t\t\t<div class=\"elementor-widget-container\">\n\t\t\t\t\t\t\t<div class=\"elementor-divider\">\n\t\t\t<span class=\"elementor-divider-separator\">\n\t\t\t\t\t\t<\/span>\n\t\t<\/div>\n\t\t\t\t\t\t<\/div>\n\t\t\t\t<\/div>\n\t\t\t\t<div class=\"elementor-element elementor-element-e624cc6 elementor-widget elementor-widget-heading\" data-id=\"e624cc6\" data-element_type=\"widget\" data-e-type=\"widget\" data-widget_type=\"heading.default\">\n\t\t\t\t<div class=\"elementor-widget-container\">\n\t\t\t\t\t<h2 class=\"elementor-heading-title elementor-size-default\">PEP\u00ae-Klopftherapie<\/h2>\t\t\t\t<\/div>\n\t\t\t\t<\/div>\n\t\t\t\t<div class=\"elementor-element elementor-element-7491828 elementor-widget elementor-widget-text-editor\" data-id=\"7491828\" data-element_type=\"widget\" data-e-type=\"widget\" data-widget_type=\"text-editor.default\">\n\t\t\t\t<div class=\"elementor-widget-container\">\n\t\t\t\t\t\t\t\t\t<p class=\"Textbody\">In Hannover habe ich die PEP\u00ae-Klopftherapie I, II &amp; III unter der Leitung von Dr. med. Michael Bohne \u2013 Facharzt f\u00fcr Psychiatrie und Psychotherapie sowie Entwickler der Prozess- und Embodimentfokussierten Psychologie (PEP\u00ae) \u2013 abgeschlossen. Die vermittelten Inhalte umfassten:<\/p><ul><li>PEP\u00ae I \u2013 Big Five L\u00f6sungsblockaden<\/li><li>PEP\u00ae II \u2013 der KKT (Kognitions-Kongruenz-Test)<\/li><li>PEP\u00ae III \u2013\u00a0 Selbstwerttraining<\/li><\/ul>\t\t\t\t\t\t\t\t<\/div>\n\t\t\t\t<\/div>\n\t\t\t\t<div class=\"elementor-element elementor-element-04a7916 elementor-widget-divider--view-line elementor-widget elementor-widget-divider\" data-id=\"04a7916\" data-element_type=\"widget\" data-e-type=\"widget\" data-widget_type=\"divider.default\">\n\t\t\t\t<div class=\"elementor-widget-container\">\n\t\t\t\t\t\t\t<div class=\"elementor-divider\">\n\t\t\t<span class=\"elementor-divider-separator\">\n\t\t\t\t\t\t<\/span>\n\t\t<\/div>\n\t\t\t\t\t\t<\/div>\n\t\t\t\t<\/div>\n\t\t\t\t<div class=\"elementor-element elementor-element-5d3d84f elementor-widget elementor-widget-heading\" data-id=\"5d3d84f\" data-element_type=\"widget\" data-e-type=\"widget\" data-widget_type=\"heading.default\">\n\t\t\t\t<div class=\"elementor-widget-container\">\n\t\t\t\t\t<h2 class=\"elementor-heading-title elementor-size-default\">Integrative Psychotherapie<\/h2>\t\t\t\t<\/div>\n\t\t\t\t<\/div>\n\t\t\t\t<div class=\"elementor-element elementor-element-d3e3363 elementor-widget elementor-widget-text-editor\" data-id=\"d3e3363\" data-element_type=\"widget\" data-e-type=\"widget\" data-widget_type=\"text-editor.default\">\n\t\t\t\t<div class=\"elementor-widget-container\">\n\t\t\t\t\t\t\t\t\t<p>Seit Oktober 2023 befinde ich mich in der zweij\u00e4hrigen Ausbildung zur INTEGRATIVEN PSYCHOTHERAPIE. In diesem Rahmen habe ich bereits umfassende Kenntnisse in verschiedenen psychologischen, psychotherapeutischen und Coaching-Ans\u00e4tzen sowie -Methoden erworben, darunter:<\/p><ul><li>Klientenzentrierte und l\u00f6sungsorientierte Gespr\u00e4chsf\u00fchrung nach Carl Rogers<\/li><li>Systemische Therapie<\/li><li>Gestalttherapie<\/li><li>Tiefenpsychologie (Analytische Psychologie)<\/li><li>Kognitive Verhaltenstherapie (inkl. Schematherapie)<\/li><li>Hypnose<\/li><li>Achtsamkeit, Entspannungsverfahren und K\u00f6rpertherapie (AEK)<\/li><\/ul>\t\t\t\t\t\t\t\t<\/div>\n\t\t\t\t<\/div>\n\t\t\t\t<div class=\"elementor-element elementor-element-54ef900 elementor-widget elementor-widget-text-editor\" data-id=\"54ef900\" data-element_type=\"widget\" data-e-type=\"widget\" data-widget_type=\"text-editor.default\">\n\t\t\t\t<div class=\"elementor-widget-container\">\n\t\t\t\t\t\t\t\t\t<p class=\"Textbody\">Als zertifizierter Life- und Hypnose-Coach setze ich diese Methoden ausschlie\u00dflich im Coaching-Kontext ein.<\/p>\t\t\t\t\t\t\t\t<\/div>\n\t\t\t\t<\/div>\n\t\t\t\t<\/div>\n\t\t\t\t\t<\/div>\n\t\t\t\t<\/div>\n\t\t<div class=\"elementor-element elementor-element-dbb6bd7 e-grid e-con-boxed e-con e-parent\" data-id=\"dbb6bd7\" data-element_type=\"container\" data-e-type=\"container\" data-settings=\"{&quot;background_background&quot;:&quot;classic&quot;}\">\n\t\t\t\t\t<div class=\"e-con-inner\">\n\t\t<div class=\"elementor-element elementor-element-fc58b98 e-con-full e-flex e-con e-child\" data-id=\"fc58b98\" data-element_type=\"container\" data-e-type=\"container\">\n\t\t\t\t<div class=\"elementor-element elementor-element-5db82e9 elementor-widget elementor-widget-heading\" data-id=\"5db82e9\" data-element_type=\"widget\" data-e-type=\"widget\" data-widget_type=\"heading.default\">\n\t\t\t\t<div class=\"elementor-widget-container\">\n\t\t\t\t\t<h2 class=\"elementor-heading-title elementor-size-default\">WEITERE SEMINARE UND VORTR\u00c4GE IM BEREICH TIEFENPSYCHOLOGIE<\/h2>\t\t\t\t<\/div>\n\t\t\t\t<\/div>\n\t\t\t\t<div class=\"elementor-element elementor-element-1a57611 elementor-widget elementor-widget-text-editor\" data-id=\"1a57611\" data-element_type=\"widget\" data-e-type=\"widget\" data-widget_type=\"text-editor.default\">\n\t\t\t\t<div class=\"elementor-widget-container\">\n\t\t\t\t\t\t\t\t\t<p>\u201eWer sind Animus und Anima?\u201c \u2013 Online-Vortrag und -Seminar mit Ursula Brasch (Psychologische Psychotherapeutin, C. G. Jung-Psychoanalytikerin)<\/p><p>\u201eTr\u00e4ume \u2013 Botschaften aus dem Unbewussten\u201c \u2013 Traumdeutung mit Prof. Dr. Brigitte Dorst<\/p>\t\t\t\t\t\t\t\t<\/div>\n\t\t\t\t<\/div>\n\t\t\t\t<\/div>\n\t\t\t\t\t<\/div>\n\t\t\t\t<\/div>\n\t\t<div class=\"elementor-element elementor-element-e81379b e-grid e-con-boxed e-con e-parent\" data-id=\"e81379b\" data-element_type=\"container\" data-e-type=\"container\" data-settings=\"{&quot;background_background&quot;:&quot;classic&quot;}\">\n\t\t\t\t\t<div class=\"e-con-inner\">\n\t\t<div class=\"elementor-element elementor-element-4df8f27 e-con-full e-flex e-con e-child\" data-id=\"4df8f27\" data-element_type=\"container\" data-e-type=\"container\">\n\t\t\t\t<div class=\"elementor-element elementor-element-4c69e22 elementor-widget elementor-widget-heading\" data-id=\"4c69e22\" data-element_type=\"widget\" data-e-type=\"widget\" data-widget_type=\"heading.default\">\n\t\t\t\t<div class=\"elementor-widget-container\">\n\t\t\t\t\t<h2 class=\"elementor-heading-title elementor-size-default\">Aktive Mitgliedschaften und regelm\u00e4\u00dfige Weiterbildung<\/h2>\t\t\t\t<\/div>\n\t\t\t\t<\/div>\n\t\t\t\t<div class=\"elementor-element elementor-element-c9e60a4 elementor-widget elementor-widget-text-editor\" data-id=\"c9e60a4\" data-element_type=\"widget\" data-e-type=\"widget\" data-widget_type=\"text-editor.default\">\n\t\t\t\t<div class=\"elementor-widget-container\">\n\t\t\t\t\t\t\t\t\t<p>National Guild of Hypnotists (NGH)<\/p><p>European Association for Supervision and Coaching (EASC)<\/p><p>C. G. Jung-Gesellschaft K\u00f6ln e.V. (Verein zur F\u00f6rderung der Analytischen Psychologie)<\/p>\t\t\t\t\t\t\t\t<\/div>\n\t\t\t\t<\/div>\n\t\t\t\t<\/div>\n\t\t\t\t\t<\/div>\n\t\t\t\t<\/div>\n\t\t\t\t<\/div>\n\t\t","protected":false},"excerpt":{"rendered":"<p>\u00dcber mich Mit tiefem Einf\u00fchlungsverm\u00f6gen und einem systemischen, ganzheitlichen Verst\u00e4ndnis des Menschen strebe ich stets danach, mich in die Situation meines Gegen\u00fcbers hineinzuversetzen und die zugrunde liegenden Ursachen von Herausforderungen zu erkennen. Mein integrativer Ansatz erm\u00f6glicht es, sowohl die pers\u00f6nlichen als auch die \u00fcbergeordneten Zusammenh\u00e4nge zu verstehen und gezielt darauf einzugehen \u2013 immer im Einklang [&hellip;]<\/p>\n","protected":false},"author":1,"featured_media":0,"parent":0,"menu_order":0,"comment_status":"closed","ping_status":"closed","template":"elementor_header_footer","meta":{"footnotes":""},"class_list":["post-613","page","type-page","status-publish","hentry"],"_links":{"self":[{"href":"https:\/\/bewusst-erschaffen.com\/start\/wp-json\/wp\/v2\/pages\/613","targetHints":{"allow":["GET"]}}],"collection":[{"href":"https:\/\/bewusst-erschaffen.com\/start\/wp-json\/wp\/v2\/pages"}],"about":[{"href":"https:\/\/bewusst-erschaffen.com\/start\/wp-json\/wp\/v2\/types\/page"}],"author":[{"embeddable":true,"href":"https:\/\/bewusst-erschaffen.com\/start\/wp-json\/wp\/v2\/users\/1"}],"replies":[{"embeddable":true,"href":"https:\/\/bewusst-erschaffen.com\/start\/wp-json\/wp\/v2\/comments?post=613"}],"version-history":[{"count":97,"href":"https:\/\/bewusst-erschaffen.com\/start\/wp-json\/wp\/v2\/pages\/613\/revisions"}],"predecessor-version":[{"id":2097,"href":"https:\/\/bewusst-erschaffen.com\/start\/wp-json\/wp\/v2\/pages\/613\/revisions\/2097"}],"wp:attachment":[{"href":"https:\/\/bewusst-erschaffen.com\/start\/wp-json\/wp\/v2\/media?parent=613"}],"curies":[{"name":"wp","href":"https:\/\/api.w.org\/{rel}","templated":true}]}}